{"id":317,"date":"2019-09-17T11:17:57","date_gmt":"2019-09-17T08:17:57","guid":{"rendered":"https:\/\/debasm.ro\/littlelit\/?page_id=317"},"modified":"2026-04-18T09:04:14","modified_gmt":"2026-04-18T06:04:14","slug":"program","status":"publish","type":"page","link":"https:\/\/debasm.ro\/littlelit\/program\/","title":{"rendered":"Program"},"content":{"rendered":"<p><div class=\"fusion-fullwidth fullwidth-box fusion-builder-row-1 nonhundred-percent-fullwidth non-hundred-percent-height-scrolling\" style=\"--awb-border-radius-top-left:0px;--awb-border-radius-top-right:0px;--awb-border-radius-bottom-right:0px;--awb-border-radius-bottom-left:0px;--awb-padding-top:20px;--awb-padding-bottom:20px;--awb-flex-wrap:wrap;\" ><div class=\"fusion-builder-row fusion-row\"><div class=\"fusion-layout-column fusion_builder_column fusion-builder-column-0 fusion_builder_column_1_1 1_1 fusion-one-full fusion-column-first fusion-column-last\" style=\"--awb-bg-size:cover;\"><div class=\"fusion-column-wrapper fusion-column-has-shadow fusion-flex-column-wrapper-legacy\"><div class=\"fusion-text fusion-text-1\"><p style=\"text-align:center;\">Navigheaz\u0103 la programul pentru: <a href=\"#22apr\" style=\"color:#ec1262;\">22 Apr.<\/a> | <a href=\"#23apr\" style=\"color:#ec1262;\">23 Apr.<\/a> | <a href=\"#24apr\" style=\"color:#ec1262;\">24 Apr.<\/a> | <a href=\"#26apr\" style=\"color:#ec1262;\">26 Apr.<\/a> | <a href=\"#27apr\" style=\"color:#ec1262;\">27 Apr.<\/a> | <a href=\"#28apr\" style=\"color:#ec1262;\">28 Apr.<\/a> | <a href=\"#29apr\" style=\"color:#ec1262;\">29 Apr.<\/a><\/p>\n<\/div><div class=\"fusion-clearfix\"><\/div><\/div><\/div><div class=\"fusion-layout-column fusion_builder_column fusion-builder-column-1 fusion_builder_column_1_3 1_3 fusion-one-third fusion-column-first\" style=\"--awb-bg-size:cover;width:33.333333333333%;width:calc(33.333333333333% - ( ( 4% + 4% ) * 0.33333333333333 ) );margin-right: 4%;\"><div class=\"fusion-column-wrapper fusion-column-has-shadow fusion-flex-column-wrapper-legacy\"><div class=\"fusion-text fusion-text-2\"><p><img decoding=\"async\" class=\"lazyload size-full wp-image-662 alignnone\" src=\"data:image\/svg+xml,%3Csvg%20xmlns%3D%27http%3A%2F%2Fwww.w3.org%2F2000%2Fsvg%27%20width%3D%2718%27%20height%3D%2718%27%20viewBox%3D%270%200%2018%2018%27%3E%3Crect%20width%3D%2718%27%20height%3D%2718%27%20fill-opacity%3D%220%22%2F%3E%3C%2Fsvg%3E\" data-orig-src=\"https:\/\/debasm.ro\/littlelit\/wp-content\/uploads\/2019\/09\/Ellipse-1-1.png\" alt=\"\" width=\"18\" height=\"18\" \/> <strong>Bulina Galben\u0103<\/strong><br \/>Evenimente pentru elevi &amp; \u0219coli<\/p>\n<\/div><div class=\"fusion-clearfix\"><\/div><\/div><\/div><div class=\"fusion-layout-column fusion_builder_column fusion-builder-column-2 fusion_builder_column_1_3 1_3 fusion-one-third\" style=\"--awb-bg-size:cover;width:33.333333333333%;width:calc(33.333333333333% - ( ( 4% + 4% ) * 0.33333333333333 ) );margin-right: 4%;\"><div class=\"fusion-column-wrapper fusion-column-has-shadow fusion-flex-column-wrapper-legacy\"><div class=\"fusion-text fusion-text-3\"><p><img decoding=\"async\" class=\"lazyload size-full wp-image-663 alignnone\" src=\"data:image\/svg+xml,%3Csvg%20xmlns%3D%27http%3A%2F%2Fwww.w3.org%2F2000%2Fsvg%27%20width%3D%2718%27%20height%3D%2718%27%20viewBox%3D%270%200%2018%2018%27%3E%3Crect%20width%3D%2718%27%20height%3D%2718%27%20fill-opacity%3D%220%22%2F%3E%3C%2Fsvg%3E\" data-orig-src=\"https:\/\/debasm.ro\/littlelit\/wp-content\/uploads\/2019\/09\/Ellipse-1-copy-1.png\" alt=\"\" width=\"18\" height=\"18\" \/> <strong>Bulina Verde<\/strong><br \/>Evenimente deschise publicului larg (copii \u0219i p\u0103rin\u021bi)<\/p>\n<\/div><div class=\"fusion-clearfix\"><\/div><\/div><\/div><div class=\"fusion-layout-column fusion_builder_column fusion-builder-column-3 fusion_builder_column_1_3 1_3 fusion-one-third fusion-column-last\" style=\"--awb-bg-size:cover;width:33.333333333333%;width:calc(33.333333333333% - ( ( 4% + 4% ) * 0.33333333333333 ) );\"><div class=\"fusion-column-wrapper fusion-column-has-shadow fusion-flex-column-wrapper-legacy\"><div class=\"fusion-text fusion-text-4\"><p><span style=\"display:inline-block;width:18px;height:18px;background:#ec1262;border-radius:50%;vertical-align:middle;\"><\/span> <strong>Bulina Magenta<\/strong><br \/>Evenimente pentru profesioni\u0219ti (scriitori, dramaturgi, regizori, actori, librari, editori, traduc\u0103tori, profesori, bibliotecari etc)<\/p>\n<\/div><div class=\"fusion-clearfix\"><\/div><\/div><\/div><\/div><\/div><div id=\"22apr\" class=\"fusion-container-anchor\"><div class=\"fusion-fullwidth fullwidth-box fusion-builder-row-2 nonhundred-percent-fullwidth non-hundred-percent-height-scrolling\" style=\"--awb-border-radius-top-left:0px;--awb-border-radius-top-right:0px;--awb-border-radius-bottom-right:0px;--awb-border-radius-bottom-left:0px;--awb-padding-top:1%;--awb-background-color:#f8f8f8;--awb-flex-wrap:wrap;\" ><div class=\"fusion-builder-row fusion-row\"><div class=\"fusion-layout-column fusion_builder_column fusion-builder-column-4 fusion_builder_column_1_1 1_1 fusion-one-full fusion-column-first fusion-column-last\" style=\"--awb-bg-size:cover;\"><div class=\"fusion-column-wrapper fusion-column-has-shadow fusion-flex-column-wrapper-legacy\"><div class=\"fusion-text fusion-text-5\"><div style=\"text-align:center;margin:20px auto;max-width:400px;\">\n<div style=\"background:linear-gradient(180deg, #4FC3F7 0%, #29B6F6 40%, #0288D1 40%, #01579B 100%);border-radius:12px;overflow:hidden;box-shadow:0 4px 12px rgba(0,0,0,0.15);position:relative;\">\n<div style=\"position:relative;height:30px;\">\n<div style=\"position:absolute;left:30%;top:-5px;width:20px;height:30px;background:#fff;border-radius:4px;border:2px solid #ccc;\"><\/div>\n<div style=\"position:absolute;right:30%;top:-5px;width:20px;height:30px;background:#fff;border-radius:4px;border:2px solid #ccc;\"><\/div>\n<\/div>\n<div style=\"background:#37474F;margin:0 0;padding:30px 20px;text-align:center;\">\n<div style=\"color:#fff;font-size:42px;font-weight:700;letter-spacing:2px;\">22 APR<\/div>\n<div style=\"color:#90A4AE;font-size:56px;font-weight:300;margin-top:5px;\">2026<\/div>\n<\/div>\n<\/div>\n<\/div>\n<\/div><div class=\"fusion-text fusion-text-6\"><p style=\"text-align:center;\">Navigheaz\u0103 la programul pentru: <a href=\"#22apr\" style=\"color:#ec1262;\">22 Apr.<\/a> | <a href=\"#23apr\" style=\"color:#ec1262;\">23 Apr.<\/a> | <a href=\"#24apr\" style=\"color:#ec1262;\">24 Apr.<\/a> | <a href=\"#26apr\" style=\"color:#ec1262;\">26 Apr.<\/a> | <a href=\"#27apr\" style=\"color:#ec1262;\">27 Apr.<\/a> | <a href=\"#28apr\" style=\"color:#ec1262;\">28 Apr.<\/a> | <a href=\"#29apr\" style=\"color:#ec1262;\">29 Apr.<\/a><\/p>\n<\/div><div class=\"fusion-clearfix\"><\/div><\/div><\/div><div class=\"fusion-layout-column fusion_builder_column fusion-builder-column-5 fusion_builder_column_1_2 1_2 fusion-one-half fusion-column-first\" style=\"--awb-padding-top:2%;--awb-padding-right:3%;--awb-padding-bottom:2%;--awb-padding-left:3%;--awb-overflow:hidden;--awb-bg-color:#ffffff;--awb-bg-color-hover:#ffffff;--awb-bg-size:cover;--awb-border-color:#ededed;--awb-border-top:1px;--awb-border-right:1px;--awb-border-bottom:1px;--awb-border-left:1px;--awb-border-style:solid;--awb-border-radius:5px 5px 5px 5px;width:50%;width:calc(50% - ( ( 2% ) * 0.5 ) );margin-right: 2%;\"><div class=\"fusion-column-wrapper fusion-column-has-shadow fusion-flex-column-wrapper-legacy\"><div class=\"fusion-text fusion-text-7\"><h3><img decoding=\"async\" class=\"lazyload size-full wp-image-662 alignnone\" src=\"data:image\/svg+xml,%3Csvg%20xmlns%3D%27http%3A%2F%2Fwww.w3.org%2F2000%2Fsvg%27%20width%3D%2718%27%20height%3D%2718%27%20viewBox%3D%270%200%2018%2018%27%3E%3Crect%20width%3D%2718%27%20height%3D%2718%27%20fill-opacity%3D%220%22%2F%3E%3C%2Fsvg%3E\" data-orig-src=\"https:\/\/debasm.ro\/littlelit\/wp-content\/uploads\/2019\/09\/Ellipse-1-1.png\" alt=\"\" width=\"18\" height=\"18\" \/> <b>\u201eDrumuri care spun pove\u0219ti\u201d, atelier de dramatizare<\/b><br \/><b>sus\u021binut de Victoria P\u0103tra\u0219cu<\/b><\/h3>\n<p><strong>Colegiul Na\u021bional \u201eElena Cuza\u201d Craiova, clasa a III-a, ora 09.30<\/strong><\/p>\n<p><em>Pornind de la povestea lui Drum de \u021aar\u0103, un drum curios care \u00ee\u0219i dore\u0219te s\u0103 descopere lumea \u0219i s\u0103 \u00ee\u0219i dep\u0103\u0219easc\u0103 limitele, participan\u021bii vor intra \u00een universul personajelor prin intermediul teatrului kamishibai, jocurilor de rol \u0219i exerci\u021biilor de improviza\u021bie. Atelierele vor \u00eembina teatrul, arta vizual\u0103 \u0219i storytelling-ul, construind un spa\u021biu \u00een care copiii nu doar vor interpreta o poveste, ci o vor duce mai departe prin propriile idei, emo\u021bii \u0219i experien\u021be.<\/em><\/p>\n<p><em>Pe parcursul \u00eent\u00e2lnirilor, copiii vor reflecta asupra temelor de curaj, perseveren\u021b\u0103 \u0219i diferen\u021b\u0103, iar aceste idei vor fi transpuse \u00een crea\u021bii personale: fiecare participant \u00ee\u0219i va imagina \u0219i realiza propriul \u201edrum\u201d simbolic, ca expresie a lumii sale interioare.<\/em><\/p>\n<p><em>Pe baza pove\u0219tii \u201eAventurile unui Drum de \u021aar\u0103\u201d, din antologia \u201eAriciul cu pene \u0219i alte patru pove\u0219ti\u201d, Editura Univers<\/em><\/p>\n<\/div><div class=\"fusion-clearfix\"><\/div><\/div><\/div><div class=\"fusion-layout-column fusion_builder_column fusion-builder-column-6 fusion_builder_column_1_2 1_2 fusion-one-half fusion-column-last\" style=\"--awb-padding-top:2%;--awb-padding-right:3%;--awb-padding-bottom:2%;--awb-padding-left:3%;--awb-overflow:hidden;--awb-bg-color:#ffffff;--awb-bg-color-hover:#ffffff;--awb-bg-size:cover;--awb-border-color:#ededed;--awb-border-top:1px;--awb-border-right:1px;--awb-border-bottom:1px;--awb-border-left:1px;--awb-border-style:solid;--awb-border-radius:5px 5px 5px 5px;width:50%;width:calc(50% - ( ( 2% ) * 0.5 ) );\"><div class=\"fusion-column-wrapper fusion-column-has-shadow fusion-flex-column-wrapper-legacy\"><div class=\"fusion-text fusion-text-8\"><h3><img decoding=\"async\" class=\"lazyload size-full wp-image-662 alignnone\" src=\"data:image\/svg+xml,%3Csvg%20xmlns%3D%27http%3A%2F%2Fwww.w3.org%2F2000%2Fsvg%27%20width%3D%2718%27%20height%3D%2718%27%20viewBox%3D%270%200%2018%2018%27%3E%3Crect%20width%3D%2718%27%20height%3D%2718%27%20fill-opacity%3D%220%22%2F%3E%3C%2Fsvg%3E\" data-orig-src=\"https:\/\/debasm.ro\/littlelit\/wp-content\/uploads\/2019\/09\/Ellipse-1-1.png\" alt=\"\" width=\"18\" height=\"18\" \/> <b>\u201eSunete, pove\u0219ti \u0219i m\u0103\u0219ti de pe T\u0103r\u00e2mul lui Andilandi\u201d, atelier de dramatizare<\/b><br \/><b>sus\u021binut de S\u00eenziana Popescu<\/b><\/h3>\n<p><strong>\u0218coala Gimnazial\u0103 din Boto\u0219e\u0219ti-Paia, jud. Dolj, clasele primare, ora 12.00, clasele gimnaziale, ora 13.00. \u00cen parteneriat cu funda\u021bia World Vision Rom\u00e2nia.<\/strong><\/p>\n<p><em>O experien\u021b\u0103 creativ\u0103 care \u00eembin\u0103 lectura, teatrul radiofonic \u0219i arta vizual\u0103. Atelierul introduce copiii \u00een universul unei pove\u0219ti \u0219i \u00een modul \u00een care aceasta prinde via\u021b\u0103 prin sunet \u0219i imagina\u021bie, prin jocuri de rol \u0219i explorarea etapelor transform\u0103rii unui text \u00eentr-un spectacol audio.<\/em><\/p>\n<p><em>Pornind de la un fragment dintr-o adaptare radiofonic\u0103 realizat\u0103 de Radio Rom\u00e2nia Cultural, copiii p\u0103trund \u00eentr-o lume inspirat\u0103 din mitologia rom\u00e2neasc\u0103, populat\u0103 de iele, zmei, uria\u0219i, cai n\u0103zdr\u0103vani, ursitoare sau pas\u0103rea m\u0103iastr\u0103. Ascultarea devine punct de plecare pentru imagina\u021bie, iar personajele sunt reinterpretate vizual prin schi\u021be de m\u0103\u0219ti realizate \u00een tehnica colajului cu materiale textile.<\/em><\/p>\n<p><em>\u00cen final, participan\u021bii creeaz\u0103 propriile pove\u0219ti \u0219i scurte scenarii radiofonice, explor\u00e2ndu-\u0219i creativitatea, emo\u021biile \u0219i capacitatea de a construi lumi sonore \u0219i vizuale.<\/em><\/p>\n<p><em>Pe baza c\u0103r\u021bii \u201eC\u0103l\u0103toria lui Vlad pe Cel\u0103lalt T\u0103r\u00e2m\u201d, primul volum al seriei fantasy Andilandi, Ed. Mediamorphosis, 2025.<\/em><\/p>\n<\/div><div class=\"fusion-clearfix\"><\/div><\/div><\/div><div class=\"fusion-layout-column fusion_builder_column fusion-builder-column-7 fusion_builder_column_1_2 1_2 fusion-one-half fusion-column-first\" style=\"--awb-padding-top:2%;--awb-padding-right:3%;--awb-padding-bottom:2%;--awb-padding-left:3%;--awb-overflow:hidden;--awb-bg-color:#ffffff;--awb-bg-color-hover:#ffffff;--awb-bg-size:cover;--awb-border-color:#ededed;--awb-border-top:1px;--awb-border-right:1px;--awb-border-bottom:1px;--awb-border-left:1px;--awb-border-style:solid;--awb-border-radius:5px 5px 5px 5px;width:50%;width:calc(50% - ( ( 2% ) * 0.5 ) );margin-right: 2%;\"><div class=\"fusion-column-wrapper fusion-column-has-shadow fusion-flex-column-wrapper-legacy\"><div class=\"fusion-text fusion-text-9\"><h3><img decoding=\"async\" class=\"lazyload size-full wp-image-662 alignnone\" src=\"data:image\/svg+xml,%3Csvg%20xmlns%3D%27http%3A%2F%2Fwww.w3.org%2F2000%2Fsvg%27%20width%3D%2718%27%20height%3D%2718%27%20viewBox%3D%270%200%2018%2018%27%3E%3Crect%20width%3D%2718%27%20height%3D%2718%27%20fill-opacity%3D%220%22%2F%3E%3C%2Fsvg%3E\" data-orig-src=\"https:\/\/debasm.ro\/littlelit\/wp-content\/uploads\/2019\/09\/Ellipse-1-1.png\" alt=\"\" width=\"18\" height=\"18\" \/> <b>\u201eIMPROVE\u0218TI cu lucruri mici, hazlii, fire\u0219ti\u201d, atelier de dramatizare<\/b><br \/><b>sus\u021binut de Laura Gr\u00fcnberg<\/b><\/h3>\n<p><strong>\u0218coala Gimnazial\u0103 din Seaca de P\u0103dure, jud. Dolj, clasele primare, ora 12.00, clasele gimnaziale, ora 13.00. \u00cen parteneriat cu funda\u021bia World Vision Rom\u00e2nia.<\/strong><\/p>\n<p><em>Ghida\u021bi de autoare \u0219i inspira\u021bi de cartea propus\u0103, elevii vor experimenta lectura performativ\u0103, improviza\u021bia, storrytelling-ul individual \u0219i colectiv. Vor face diverse exerci\u021bii de auto-uimire \u00een raport cu lumea uman\u0103 \u0219i non uman\u0103 din jurul lor, de defamiliarizare a familiarului, transform\u00e2nd banalul \u00een extraordinar \u0219i inedit. Regula de baz\u0103 a colabor\u0103rii va fi: accept\u0103 \u0219i construie\u0219te, nu exist\u0103 gre\u0219eli \u0219i jocul e mai important ca rezultatul!<\/em><\/p>\n<p><em>Prin natura flexibilit\u0103\u021bii temei (improviza\u021bii) \u0219i prin tipul de exerci\u021bii propuse atelierul integreaz\u0103 cartea, cititul cu activit\u0103\u021bi diverse de tip performance ce invit\u0103 elevii la spontaneitate, ascultare activ\u0103 \u0219i colaborare.<\/em><\/p>\n<p><em>Inspirat de cartea \u201eIMPROVE\u0218TI cu lucruri mici, hazlii, fire\u0219ti\u201d, Ed. Arthur<\/em><\/p>\n<\/div><div class=\"fusion-clearfix\"><\/div><\/div><\/div><div class=\"fusion-layout-column fusion_builder_column fusion-builder-column-8 fusion_builder_column_1_2 1_2 fusion-one-half fusion-column-last\" style=\"--awb-padding-top:2%;--awb-padding-right:3%;--awb-padding-bottom:2%;--awb-padding-left:3%;--awb-overflow:hidden;--awb-bg-color:#ffffff;--awb-bg-color-hover:#ffffff;--awb-bg-size:cover;--awb-border-color:#ededed;--awb-border-top:1px;--awb-border-right:1px;--awb-border-bottom:1px;--awb-border-left:1px;--awb-border-style:solid;--awb-border-radius:5px 5px 5px 5px;width:50%;width:calc(50% - ( ( 2% ) * 0.5 ) );\"><div class=\"fusion-column-wrapper fusion-column-has-shadow fusion-flex-column-wrapper-legacy\"><div class=\"fusion-text fusion-text-10\"><h3><img decoding=\"async\" class=\"lazyload size-full wp-image-662 alignnone\" src=\"data:image\/svg+xml,%3Csvg%20xmlns%3D%27http%3A%2F%2Fwww.w3.org%2F2000%2Fsvg%27%20width%3D%2718%27%20height%3D%2718%27%20viewBox%3D%270%200%2018%2018%27%3E%3Crect%20width%3D%2718%27%20height%3D%2718%27%20fill-opacity%3D%220%22%2F%3E%3C%2Fsvg%3E\" data-orig-src=\"https:\/\/debasm.ro\/littlelit\/wp-content\/uploads\/2019\/09\/Ellipse-1-copy-1.png\" alt=\"\" width=\"18\" height=\"18\" \/> <b>Lectur\u0103 public\u0103 \u0219i sesiune de autografe<\/b><br \/><b>cu Victoria P\u0103tra\u0219cu<\/b><\/h3>\n<p><strong>C\u0103rture\u0219ti Craiova, Electroputere Mall, ora 18.30<\/strong><\/p>\n<p><em>V\u00e2rsta recomandat\u0103 : 7 ani<\/em><\/p>\n<p><em>Au trecut ceva ani de c\u00e2nd Somnul a alungat Oboseala. P\u0103rea c\u0103 via\u021ba \u00ee\u0219i urmeaz\u0103 cursul firesc. Doar c\u0103, \u00eentr-o diminea\u021b\u0103, Somnul o g\u0103se\u0219te pe pragul casei pe Lene, sora lui rebel\u0103, fiica Odihnei \u0219i oaia neagr\u0103 a familiei. Disperat\u0103 c\u0103 \u0219i-a pierdut supu\u0219ii, pentru c\u0103 \u00een ziua de azi oamenii muncesc ca dispera\u021bii \u0219i nimeni nu mai leneve\u0219te, Lenea cere ajutorul familiei. Dar ce s\u0103 fac\u0103 Lenea? Ar putea avea grij\u0103 de pisica B\u00e2zd\u00e2c \u0219i pisoia\u0219ii ei. Dar oare se va mul\u021bumi Lenea cu at\u00e2t sau va \u00eencerca s\u0103 leneveasc\u0103 \u0219i pe altcineva?<\/em><\/p>\n<p><em>Pute\u021bi afla deznod\u0103m\u00e2ntul acestei pove\u0219ti \u00een prezen\u021ba scriitoarei Victoria P\u0103tra\u0219cu, care va citi, va r\u0103spunde la \u00eentreb\u0103rile copiilor \u0219i va oferi autografe.<\/em><\/p>\n<p><em>Atelier inspirat de cartea \u201eZiua \u00een care a muncit lenea\u201d (Ed. Univers)<\/em><\/p>\n<\/div><div class=\"fusion-clearfix\"><\/div><\/div><\/div><\/div><\/div><\/div><div id=\"23apr\" class=\"fusion-container-anchor\"><div class=\"fusion-fullwidth fullwidth-box fusion-builder-row-3 nonhundred-percent-fullwidth non-hundred-percent-height-scrolling\" style=\"--awb-border-radius-top-left:0px;--awb-border-radius-top-right:0px;--awb-border-radius-bottom-right:0px;--awb-border-radius-bottom-left:0px;--awb-padding-top:1%;--awb-background-color:#f8f8f8;--awb-flex-wrap:wrap;\" ><div class=\"fusion-builder-row fusion-row\"><div class=\"fusion-layout-column fusion_builder_column fusion-builder-column-9 fusion_builder_column_1_1 1_1 fusion-one-full fusion-column-first fusion-column-last\" style=\"--awb-bg-size:cover;\"><div class=\"fusion-column-wrapper fusion-column-has-shadow fusion-flex-column-wrapper-legacy\"><div class=\"fusion-text fusion-text-11\"><div style=\"text-align:center;margin:20px auto;max-width:400px;\">\n<div style=\"background:linear-gradient(180deg, #4FC3F7 0%, #29B6F6 40%, #0288D1 40%, #01579B 100%);border-radius:12px;overflow:hidden;box-shadow:0 4px 12px rgba(0,0,0,0.15);position:relative;\">\n<div style=\"position:relative;height:30px;\">\n<div style=\"position:absolute;left:30%;top:-5px;width:20px;height:30px;background:#fff;border-radius:4px;border:2px solid #ccc;\"><\/div>\n<div style=\"position:absolute;right:30%;top:-5px;width:20px;height:30px;background:#fff;border-radius:4px;border:2px solid #ccc;\"><\/div>\n<\/div>\n<div style=\"background:#37474F;margin:0 0;padding:30px 20px;text-align:center;\">\n<div style=\"color:#fff;font-size:42px;font-weight:700;letter-spacing:2px;\">23 APR<\/div>\n<div style=\"color:#90A4AE;font-size:56px;font-weight:300;margin-top:5px;\">2026<\/div>\n<\/div>\n<\/div>\n<\/div>\n<\/div><div class=\"fusion-text fusion-text-12\"><p style=\"text-align:center;\">Navigheaz\u0103 la programul pentru: <a href=\"#22apr\" style=\"color:#ec1262;\">22 Apr.<\/a> | <a href=\"#23apr\" style=\"color:#ec1262;\">23 Apr.<\/a> | <a href=\"#24apr\" style=\"color:#ec1262;\">24 Apr.<\/a> | <a href=\"#26apr\" style=\"color:#ec1262;\">26 Apr.<\/a> | <a href=\"#27apr\" style=\"color:#ec1262;\">27 Apr.<\/a> | <a href=\"#28apr\" style=\"color:#ec1262;\">28 Apr.<\/a> | <a href=\"#29apr\" style=\"color:#ec1262;\">29 Apr.<\/a><\/p>\n<\/div><div class=\"fusion-clearfix\"><\/div><\/div><\/div><div class=\"fusion-layout-column fusion_builder_column fusion-builder-column-10 fusion_builder_column_1_2 1_2 fusion-one-half fusion-column-first\" style=\"--awb-padding-top:2%;--awb-padding-right:3%;--awb-padding-bottom:2%;--awb-padding-left:3%;--awb-overflow:hidden;--awb-bg-color:#ffffff;--awb-bg-color-hover:#ffffff;--awb-bg-size:cover;--awb-border-color:#ededed;--awb-border-top:1px;--awb-border-right:1px;--awb-border-bottom:1px;--awb-border-left:1px;--awb-border-style:solid;--awb-border-radius:5px 5px 5px 5px;width:50%;width:calc(50% - ( ( 2% ) * 0.5 ) );margin-right: 2%;\"><div class=\"fusion-column-wrapper fusion-column-has-shadow fusion-flex-column-wrapper-legacy\"><div class=\"fusion-text fusion-text-13\"><h3><img decoding=\"async\" class=\"lazyload size-full wp-image-662 alignnone\" src=\"data:image\/svg+xml,%3Csvg%20xmlns%3D%27http%3A%2F%2Fwww.w3.org%2F2000%2Fsvg%27%20width%3D%2718%27%20height%3D%2718%27%20viewBox%3D%270%200%2018%2018%27%3E%3Crect%20width%3D%2718%27%20height%3D%2718%27%20fill-opacity%3D%220%22%2F%3E%3C%2Fsvg%3E\" data-orig-src=\"https:\/\/debasm.ro\/littlelit\/wp-content\/uploads\/2019\/09\/Ellipse-1-1.png\" alt=\"\" width=\"18\" height=\"18\" \/> <b>\u201eDrumuri care spun pove\u0219ti\u201d, atelier de dramatizare<\/b><br \/><b>sus\u021binut de Victoria P\u0103tra\u0219cu<\/b><\/h3>\n<p><strong>Colegiul Na\u021bional \u201eElena Cuza\u201d Ia\u0219i, clasa a I-a, ora 09.30<\/strong><\/p>\n<\/div><div class=\"fusion-clearfix\"><\/div><\/div><\/div><div class=\"fusion-layout-column fusion_builder_column fusion-builder-column-11 fusion_builder_column_1_2 1_2 fusion-one-half fusion-column-last\" style=\"--awb-padding-top:2%;--awb-padding-right:3%;--awb-padding-bottom:2%;--awb-padding-left:3%;--awb-overflow:hidden;--awb-bg-color:#ffffff;--awb-bg-color-hover:#ffffff;--awb-bg-size:cover;--awb-border-color:#ededed;--awb-border-top:1px;--awb-border-right:1px;--awb-border-bottom:1px;--awb-border-left:1px;--awb-border-style:solid;--awb-border-radius:5px 5px 5px 5px;width:50%;width:calc(50% - ( ( 2% ) * 0.5 ) );\"><div class=\"fusion-column-wrapper fusion-column-has-shadow fusion-flex-column-wrapper-legacy\"><div class=\"fusion-text fusion-text-14\"><h3><img decoding=\"async\" class=\"lazyload size-full wp-image-662 alignnone\" src=\"data:image\/svg+xml,%3Csvg%20xmlns%3D%27http%3A%2F%2Fwww.w3.org%2F2000%2Fsvg%27%20width%3D%2718%27%20height%3D%2718%27%20viewBox%3D%270%200%2018%2018%27%3E%3Crect%20width%3D%2718%27%20height%3D%2718%27%20fill-opacity%3D%220%22%2F%3E%3C%2Fsvg%3E\" data-orig-src=\"https:\/\/debasm.ro\/littlelit\/wp-content\/uploads\/2019\/09\/Ellipse-1-1.png\" alt=\"\" width=\"18\" height=\"18\" \/> <b>\u201eSunete, pove\u0219ti \u0219i m\u0103\u0219ti de pe T\u0103r\u00e2mul lui Andilandi\u201d, atelier de dramatizare<\/b><br \/><b>sus\u021binut de S\u00eenziana Popescu<\/b><\/h3>\n<p><strong>\u0218coala Gimnazial\u0103 din Boto\u0219e\u0219ti-Paia, jud. Dolj, clasele primare, ora 12.00, clasele gimnaziale, ora 13.00. \u00cen parteneriat cu funda\u021bia World Vision Rom\u00e2nia.<\/strong><\/p>\n<\/div><div class=\"fusion-clearfix\"><\/div><\/div><\/div><div class=\"fusion-layout-column fusion_builder_column fusion-builder-column-12 fusion_builder_column_1_2 1_2 fusion-one-half fusion-column-first\" style=\"--awb-padding-top:2%;--awb-padding-right:3%;--awb-padding-bottom:2%;--awb-padding-left:3%;--awb-overflow:hidden;--awb-bg-color:#ffffff;--awb-bg-color-hover:#ffffff;--awb-bg-size:cover;--awb-border-color:#ededed;--awb-border-top:1px;--awb-border-right:1px;--awb-border-bottom:1px;--awb-border-left:1px;--awb-border-style:solid;--awb-border-radius:5px 5px 5px 5px;width:50%;width:calc(50% - ( ( 2% ) * 0.5 ) );margin-right: 2%;\"><div class=\"fusion-column-wrapper fusion-column-has-shadow fusion-flex-column-wrapper-legacy\"><div class=\"fusion-text fusion-text-15\"><h3><img decoding=\"async\" class=\"lazyload size-full wp-image-662 alignnone\" src=\"data:image\/svg+xml,%3Csvg%20xmlns%3D%27http%3A%2F%2Fwww.w3.org%2F2000%2Fsvg%27%20width%3D%2718%27%20height%3D%2718%27%20viewBox%3D%270%200%2018%2018%27%3E%3Crect%20width%3D%2718%27%20height%3D%2718%27%20fill-opacity%3D%220%22%2F%3E%3C%2Fsvg%3E\" data-orig-src=\"https:\/\/debasm.ro\/littlelit\/wp-content\/uploads\/2019\/09\/Ellipse-1-1.png\" alt=\"\" width=\"18\" height=\"18\" \/> <b>\u201eIMPROVE\u0218TI cu lucruri mici, hazlii, fire\u0219ti\u201d, atelier de dramatizare<\/b><br \/><b>sus\u021binut de Laura Gr\u00fcnberg<\/b><\/h3>\n<p><strong>\u0218coala Gimnazial\u0103 din Seaca de P\u0103dure, jud. Dolj, clasele primare, ora 12.00, clasele gimnaziale, ora 13.00. \u00cen parteneriat cu funda\u021bia World Vision Rom\u00e2nia.<\/strong><\/p>\n<\/div><div class=\"fusion-clearfix\"><\/div><\/div><\/div><\/div><\/div><\/div><div id=\"24apr\" class=\"fusion-container-anchor\"><div class=\"fusion-fullwidth fullwidth-box fusion-builder-row-4 nonhundred-percent-fullwidth non-hundred-percent-height-scrolling\" style=\"--awb-border-radius-top-left:0px;--awb-border-radius-top-right:0px;--awb-border-radius-bottom-right:0px;--awb-border-radius-bottom-left:0px;--awb-padding-top:1%;--awb-background-color:#f8f8f8;--awb-flex-wrap:wrap;\" ><div class=\"fusion-builder-row fusion-row\"><div class=\"fusion-layout-column fusion_builder_column fusion-builder-column-13 fusion_builder_column_1_1 1_1 fusion-one-full fusion-column-first fusion-column-last\" style=\"--awb-bg-size:cover;\"><div class=\"fusion-column-wrapper fusion-column-has-shadow fusion-flex-column-wrapper-legacy\"><div class=\"fusion-text fusion-text-16\"><div style=\"text-align:center;margin:20px auto;max-width:400px;\">\n<div style=\"background:linear-gradient(180deg, #4FC3F7 0%, #29B6F6 40%, #0288D1 40%, #01579B 100%);border-radius:12px;overflow:hidden;box-shadow:0 4px 12px rgba(0,0,0,0.15);position:relative;\">\n<div style=\"position:relative;height:30px;\">\n<div style=\"position:absolute;left:30%;top:-5px;width:20px;height:30px;background:#fff;border-radius:4px;border:2px solid #ccc;\"><\/div>\n<div style=\"position:absolute;right:30%;top:-5px;width:20px;height:30px;background:#fff;border-radius:4px;border:2px solid #ccc;\"><\/div>\n<\/div>\n<div style=\"background:#37474F;margin:0 0;padding:30px 20px;text-align:center;\">\n<div style=\"color:#fff;font-size:42px;font-weight:700;letter-spacing:2px;\">24 APR<\/div>\n<div style=\"color:#90A4AE;font-size:56px;font-weight:300;margin-top:5px;\">2026<\/div>\n<\/div>\n<\/div>\n<\/div>\n<\/div><div class=\"fusion-text fusion-text-17\"><p style=\"text-align:center;\">Navigheaz\u0103 la programul pentru: <a href=\"#22apr\" style=\"color:#ec1262;\">22 Apr.<\/a> | <a href=\"#23apr\" style=\"color:#ec1262;\">23 Apr.<\/a> | <a href=\"#24apr\" style=\"color:#ec1262;\">24 Apr.<\/a> | <a href=\"#26apr\" style=\"color:#ec1262;\">26 Apr.<\/a> | <a href=\"#27apr\" style=\"color:#ec1262;\">27 Apr.<\/a> | <a href=\"#28apr\" style=\"color:#ec1262;\">28 Apr.<\/a> | <a href=\"#29apr\" style=\"color:#ec1262;\">29 Apr.<\/a><\/p>\n<\/div><div class=\"fusion-clearfix\"><\/div><\/div><\/div><div class=\"fusion-layout-column fusion_builder_column fusion-builder-column-14 fusion_builder_column_1_2 1_2 fusion-one-half fusion-column-first\" style=\"--awb-padding-top:2%;--awb-padding-right:3%;--awb-padding-bottom:2%;--awb-padding-left:3%;--awb-overflow:hidden;--awb-bg-color:#ffffff;--awb-bg-color-hover:#ffffff;--awb-bg-size:cover;--awb-border-color:#ededed;--awb-border-top:1px;--awb-border-right:1px;--awb-border-bottom:1px;--awb-border-left:1px;--awb-border-style:solid;--awb-border-radius:5px 5px 5px 5px;width:50%;width:calc(50% - ( ( 2% ) * 0.5 ) );margin-right: 2%;\"><div class=\"fusion-column-wrapper fusion-column-has-shadow fusion-flex-column-wrapper-legacy\"><div class=\"fusion-text fusion-text-18\"><h3><img decoding=\"async\" class=\"lazyload size-full wp-image-662 alignnone\" src=\"data:image\/svg+xml,%3Csvg%20xmlns%3D%27http%3A%2F%2Fwww.w3.org%2F2000%2Fsvg%27%20width%3D%2718%27%20height%3D%2718%27%20viewBox%3D%270%200%2018%2018%27%3E%3Crect%20width%3D%2718%27%20height%3D%2718%27%20fill-opacity%3D%220%22%2F%3E%3C%2Fsvg%3E\" data-orig-src=\"https:\/\/debasm.ro\/littlelit\/wp-content\/uploads\/2019\/09\/Ellipse-1-1.png\" alt=\"\" width=\"18\" height=\"18\" \/> <b>\u201eDrumuri care spun pove\u0219ti\u201d, atelier de dramatizare<\/b><br \/><b>sus\u021binut de Victoria P\u0103tra\u0219cu<\/b><\/h3>\n<p><strong>Colegiul Na\u021bional \u201eElena Cuza\u201d Ia\u0219i, clasa a I-a, ora 09.30<\/strong><\/p>\n<\/div><div class=\"fusion-clearfix\"><\/div><\/div><\/div><div class=\"fusion-layout-column fusion_builder_column fusion-builder-column-15 fusion_builder_column_1_2 1_2 fusion-one-half fusion-column-last\" style=\"--awb-padding-top:2%;--awb-padding-right:3%;--awb-padding-bottom:2%;--awb-padding-left:3%;--awb-overflow:hidden;--awb-bg-color:#ffffff;--awb-bg-color-hover:#ffffff;--awb-bg-size:cover;--awb-border-color:#ededed;--awb-border-top:1px;--awb-border-right:1px;--awb-border-bottom:1px;--awb-border-left:1px;--awb-border-style:solid;--awb-border-radius:5px 5px 5px 5px;width:50%;width:calc(50% - ( ( 2% ) * 0.5 ) );\"><div class=\"fusion-column-wrapper fusion-column-has-shadow fusion-flex-column-wrapper-legacy\"><div class=\"fusion-text fusion-text-19\"><h3><img decoding=\"async\" class=\"lazyload size-full wp-image-662 alignnone\" src=\"data:image\/svg+xml,%3Csvg%20xmlns%3D%27http%3A%2F%2Fwww.w3.org%2F2000%2Fsvg%27%20width%3D%2718%27%20height%3D%2718%27%20viewBox%3D%270%200%2018%2018%27%3E%3Crect%20width%3D%2718%27%20height%3D%2718%27%20fill-opacity%3D%220%22%2F%3E%3C%2Fsvg%3E\" data-orig-src=\"https:\/\/debasm.ro\/littlelit\/wp-content\/uploads\/2019\/09\/Ellipse-1-1.png\" alt=\"\" width=\"18\" height=\"18\" \/> <b>\u201eSunete, pove\u0219ti \u0219i m\u0103\u0219ti de pe T\u0103r\u00e2mul lui Andilandi\u201d, atelier de dramatizare<\/b><br \/><b>sus\u021binut de S\u00eenziana Popescu<\/b><\/h3>\n<p><strong>\u0218coala Gimnazial\u0103 din Boto\u0219e\u0219ti-Paia, jud. Dolj, clasele primare, ora 12.00, clasele gimnaziale, ora 13.00. \u00cen parteneriat cu funda\u021bia World Vision Rom\u00e2nia.<\/strong><\/p>\n<\/div><div class=\"fusion-clearfix\"><\/div><\/div><\/div><div class=\"fusion-layout-column fusion_builder_column fusion-builder-column-16 fusion_builder_column_1_2 1_2 fusion-one-half fusion-column-first\" style=\"--awb-padding-top:2%;--awb-padding-right:3%;--awb-padding-bottom:2%;--awb-padding-left:3%;--awb-overflow:hidden;--awb-bg-color:#ffffff;--awb-bg-color-hover:#ffffff;--awb-bg-size:cover;--awb-border-color:#ededed;--awb-border-top:1px;--awb-border-right:1px;--awb-border-bottom:1px;--awb-border-left:1px;--awb-border-style:solid;--awb-border-radius:5px 5px 5px 5px;width:50%;width:calc(50% - ( ( 2% ) * 0.5 ) );margin-right: 2%;\"><div class=\"fusion-column-wrapper fusion-column-has-shadow fusion-flex-column-wrapper-legacy\"><div class=\"fusion-text fusion-text-20\"><h3><img decoding=\"async\" class=\"lazyload size-full wp-image-662 alignnone\" src=\"data:image\/svg+xml,%3Csvg%20xmlns%3D%27http%3A%2F%2Fwww.w3.org%2F2000%2Fsvg%27%20width%3D%2718%27%20height%3D%2718%27%20viewBox%3D%270%200%2018%2018%27%3E%3Crect%20width%3D%2718%27%20height%3D%2718%27%20fill-opacity%3D%220%22%2F%3E%3C%2Fsvg%3E\" data-orig-src=\"https:\/\/debasm.ro\/littlelit\/wp-content\/uploads\/2019\/09\/Ellipse-1-1.png\" alt=\"\" width=\"18\" height=\"18\" \/> <b>\u201eIMPROVE\u0218TI cu lucruri mici, hazlii, fire\u0219ti\u201d, atelier de dramatizare<\/b><br \/><b>sus\u021binut de Laura Gr\u00fcnberg<\/b><\/h3>\n<p><strong>\u0218coala Gimnazial\u0103 din Seaca de P\u0103dure, jud. Dolj, clasele primare, ora 12.00, clasele gimnaziale, ora 13.00. \u00cen parteneriat cu funda\u021bia World Vision Rom\u00e2nia.<\/strong><\/p>\n<\/div><div class=\"fusion-clearfix\"><\/div><\/div><\/div><\/div><\/div><\/div><div id=\"26apr\" class=\"fusion-container-anchor\"><div class=\"fusion-fullwidth fullwidth-box fusion-builder-row-5 nonhundred-percent-fullwidth non-hundred-percent-height-scrolling\" style=\"--awb-border-radius-top-left:0px;--awb-border-radius-top-right:0px;--awb-border-radius-bottom-right:0px;--awb-border-radius-bottom-left:0px;--awb-padding-top:1%;--awb-background-color:#f8f8f8;--awb-flex-wrap:wrap;\" ><div class=\"fusion-builder-row fusion-row\"><div class=\"fusion-layout-column fusion_builder_column fusion-builder-column-17 fusion_builder_column_1_1 1_1 fusion-one-full fusion-column-first fusion-column-last\" style=\"--awb-bg-size:cover;\"><div class=\"fusion-column-wrapper fusion-column-has-shadow fusion-flex-column-wrapper-legacy\"><div class=\"fusion-text fusion-text-21\"><div style=\"text-align:center;margin:20px auto;max-width:400px;\">\n<div style=\"background:linear-gradient(180deg, #4FC3F7 0%, #29B6F6 40%, #0288D1 40%, #01579B 100%);border-radius:12px;overflow:hidden;box-shadow:0 4px 12px rgba(0,0,0,0.15);position:relative;\">\n<div style=\"position:relative;height:30px;\">\n<div style=\"position:absolute;left:30%;top:-5px;width:20px;height:30px;background:#fff;border-radius:4px;border:2px solid #ccc;\"><\/div>\n<div style=\"position:absolute;right:30%;top:-5px;width:20px;height:30px;background:#fff;border-radius:4px;border:2px solid #ccc;\"><\/div>\n<\/div>\n<div style=\"background:#37474F;margin:0 0;padding:30px 20px;text-align:center;\">\n<div style=\"color:#fff;font-size:42px;font-weight:700;letter-spacing:2px;\">26 APR<\/div>\n<div style=\"color:#90A4AE;font-size:56px;font-weight:300;margin-top:5px;\">2026<\/div>\n<\/div>\n<\/div>\n<\/div>\n<\/div><div class=\"fusion-text fusion-text-22\"><p style=\"text-align:center;\">Navigheaz\u0103 la programul pentru: <a href=\"#22apr\" style=\"color:#ec1262;\">22 Apr.<\/a> | <a href=\"#23apr\" style=\"color:#ec1262;\">23 Apr.<\/a> | <a href=\"#24apr\" style=\"color:#ec1262;\">24 Apr.<\/a> | <a href=\"#26apr\" style=\"color:#ec1262;\">26 Apr.<\/a> | <a href=\"#27apr\" style=\"color:#ec1262;\">27 Apr.<\/a> | <a href=\"#28apr\" style=\"color:#ec1262;\">28 Apr.<\/a> | <a href=\"#29apr\" style=\"color:#ec1262;\">29 Apr.<\/a><\/p>\n<\/div><div class=\"fusion-clearfix\"><\/div><\/div><\/div><div class=\"fusion-layout-column fusion_builder_column fusion-builder-column-18 fusion_builder_column_1_2 1_2 fusion-one-half fusion-column-first\" style=\"--awb-padding-top:2%;--awb-padding-right:3%;--awb-padding-bottom:2%;--awb-padding-left:3%;--awb-overflow:hidden;--awb-bg-color:#ffffff;--awb-bg-color-hover:#ffffff;--awb-bg-size:cover;--awb-border-color:#ededed;--awb-border-top:1px;--awb-border-right:1px;--awb-border-bottom:1px;--awb-border-left:1px;--awb-border-style:solid;--awb-border-radius:5px 5px 5px 5px;width:50%;width:calc(50% - ( ( 2% ) * 0.5 ) );margin-right: 2%;\"><div class=\"fusion-column-wrapper fusion-column-has-shadow fusion-flex-column-wrapper-legacy\"><div class=\"fusion-text fusion-text-23\"><h3><img decoding=\"async\" class=\"lazyload size-full wp-image-662 alignnone\" src=\"data:image\/svg+xml,%3Csvg%20xmlns%3D%27http%3A%2F%2Fwww.w3.org%2F2000%2Fsvg%27%20width%3D%2718%27%20height%3D%2718%27%20viewBox%3D%270%200%2018%2018%27%3E%3Crect%20width%3D%2718%27%20height%3D%2718%27%20fill-opacity%3D%220%22%2F%3E%3C%2Fsvg%3E\" data-orig-src=\"https:\/\/debasm.ro\/littlelit\/wp-content\/uploads\/2019\/09\/Ellipse-1-copy-1.png\" alt=\"\" width=\"18\" height=\"18\" \/> <b>Lectur\u0103 public\u0103 \u0219i sesiune de autografe<\/b><br \/><b>cu Iulia Iordan<\/b><\/h3>\n<p><strong>C\u0103rture\u0219ti Craiova, Electroputere Mall, ora 18.00<\/strong><\/p>\n<p><em>V\u00e2rsta recomandat\u0103 : 7 ani<\/em><\/p>\n<p><em>\u00cei invit\u0103m pe copii la o joac\u0103 a min\u021bii \u00een preajma artei, \u00eempreun\u0103 cu autoarea Iulia Iordan. Structura \u00eent\u00e2lnirii este alc\u0103tuit\u0103 din c\u00e2teva activit\u0103\u021bi ludice, discu\u021bii \u0219i o parte practic\u0103. \u201eC\u00e2te culori exist\u0103 \u00een lume?\u201d se \u00eentreab\u0103 Primul Punct. A\u0219a vom \u00eencepe \u00eent\u00e2lnirea. Cum o vom \u00eencheia? Cu noi aventuri ale celor dou\u0103 personaje, inventate chiar de c\u0103tre copiii participan\u021bi la atelier. V\u0103 a\u0219tept\u0103m cu drag!<\/em><\/p>\n<p><em>Atelier inspirat de cartea \u201ePrimul Punct \u0219i Al Doilea Punct\u201d (Ed. Univers), o colec\u021bie de pove\u0219ti despre descoperire prin \u00eentreb\u0103ri \u00een preajma frumuse\u021bii pe care oamenii au creat-o de-a lungul timpului sau o pot crea.<\/em><\/p>\n<\/div><div class=\"fusion-clearfix\"><\/div><\/div><\/div><\/div><\/div><\/div><div id=\"27apr\" class=\"fusion-container-anchor\"><div class=\"fusion-fullwidth fullwidth-box fusion-builder-row-6 nonhundred-percent-fullwidth non-hundred-percent-height-scrolling\" style=\"--awb-border-radius-top-left:0px;--awb-border-radius-top-right:0px;--awb-border-radius-bottom-right:0px;--awb-border-radius-bottom-left:0px;--awb-padding-top:1%;--awb-background-color:#f8f8f8;--awb-flex-wrap:wrap;\" ><div class=\"fusion-builder-row fusion-row\"><div class=\"fusion-layout-column fusion_builder_column fusion-builder-column-19 fusion_builder_column_1_1 1_1 fusion-one-full fusion-column-first fusion-column-last\" style=\"--awb-bg-size:cover;\"><div class=\"fusion-column-wrapper fusion-column-has-shadow fusion-flex-column-wrapper-legacy\"><div class=\"fusion-text fusion-text-24\"><div style=\"text-align:center;margin:20px auto;max-width:400px;\">\n<div style=\"background:linear-gradient(180deg, #4FC3F7 0%, #29B6F6 40%, #0288D1 40%, #01579B 100%);border-radius:12px;overflow:hidden;box-shadow:0 4px 12px rgba(0,0,0,0.15);position:relative;\">\n<div style=\"position:relative;height:30px;\">\n<div style=\"position:absolute;left:30%;top:-5px;width:20px;height:30px;background:#fff;border-radius:4px;border:2px solid #ccc;\"><\/div>\n<div style=\"position:absolute;right:30%;top:-5px;width:20px;height:30px;background:#fff;border-radius:4px;border:2px solid #ccc;\"><\/div>\n<\/div>\n<div style=\"background:#37474F;margin:0 0;padding:30px 20px;text-align:center;\">\n<div style=\"color:#fff;font-size:42px;font-weight:700;letter-spacing:2px;\">27 APR<\/div>\n<div style=\"color:#90A4AE;font-size:56px;font-weight:300;margin-top:5px;\">2026<\/div>\n<\/div>\n<\/div>\n<\/div>\n<\/div><div class=\"fusion-text fusion-text-25\"><p style=\"text-align:center;\">Navigheaz\u0103 la programul pentru: <a href=\"#22apr\" style=\"color:#ec1262;\">22 Apr.<\/a> | <a href=\"#23apr\" style=\"color:#ec1262;\">23 Apr.<\/a> | <a href=\"#24apr\" style=\"color:#ec1262;\">24 Apr.<\/a> | <a href=\"#26apr\" style=\"color:#ec1262;\">26 Apr.<\/a> | <a href=\"#27apr\" style=\"color:#ec1262;\">27 Apr.<\/a> | <a href=\"#28apr\" style=\"color:#ec1262;\">28 Apr.<\/a> | <a href=\"#29apr\" style=\"color:#ec1262;\">29 Apr.<\/a><\/p>\n<\/div><div class=\"fusion-clearfix\"><\/div><\/div><\/div><div class=\"fusion-layout-column fusion_builder_column fusion-builder-column-20 fusion_builder_column_1_2 1_2 fusion-one-half fusion-column-first\" style=\"--awb-padding-top:2%;--awb-padding-right:3%;--awb-padding-bottom:2%;--awb-padding-left:3%;--awb-overflow:hidden;--awb-bg-color:#ffffff;--awb-bg-color-hover:#ffffff;--awb-bg-size:cover;--awb-border-color:#ededed;--awb-border-top:1px;--awb-border-right:1px;--awb-border-bottom:1px;--awb-border-left:1px;--awb-border-style:solid;--awb-border-radius:5px 5px 5px 5px;width:50%;width:calc(50% - ( ( 2% ) * 0.5 ) );margin-right: 2%;\"><div class=\"fusion-column-wrapper fusion-column-has-shadow fusion-flex-column-wrapper-legacy\"><div class=\"fusion-text fusion-text-26\"><h3><img decoding=\"async\" class=\"lazyload size-full wp-image-662 alignnone\" src=\"data:image\/svg+xml,%3Csvg%20xmlns%3D%27http%3A%2F%2Fwww.w3.org%2F2000%2Fsvg%27%20width%3D%2718%27%20height%3D%2718%27%20viewBox%3D%270%200%2018%2018%27%3E%3Crect%20width%3D%2718%27%20height%3D%2718%27%20fill-opacity%3D%220%22%2F%3E%3C%2Fsvg%3E\" data-orig-src=\"https:\/\/debasm.ro\/littlelit\/wp-content\/uploads\/2019\/09\/Ellipse-1-1.png\" alt=\"\" width=\"18\" height=\"18\" \/> <b>Atelier poetic de filosofie dramatizat\u0103<\/b><br \/><b>sus\u021binut de Iulia Iordan<\/b><\/h3>\n<p><strong>Colegiul \u201e\u0218tefan Odobleja\u201d, Craiova, clasa a X-a, ora 13.00. \u00cen parteneriat cu funda\u021bia World Vision Rom\u00e2nia.<\/strong><\/p>\n<p><em>Atelierul \u00eei va implica activ pe liceeni prin diverse activit\u0103\u021bi de lectur\u0103 performativ\u0103, scriere, improviza\u021bie \u0219i colaj. La finalul atelierului, ghida\u021bi de autoare, ace\u0219tia vor realiza un performance cu m\u0103\u0219ti create individual sau pe echipe, ritmat de versuri inspirate de \u201eR\u0103m\u00e2i cu tine\u201d, \u0219i filmat.<\/em><\/p>\n<p><em>Inspirat de \u201eR\u0103m\u00e2i cu tine\u201d, de Iulia Iordan, cu ilustra\u021bii de Oana Ispir, Editura Seneca, 2024, o carte scris\u0103 colaborativ de Iulia, al\u0103turi de 18 tineri care \u0219i-au a\u0219ternut pe h\u00e2rtie cele mai sincere g\u00e2nduri \u0219i \u00eentreb\u0103ri, apoi le-au pus \u00een dialog cu idei filosofice care au fost formulate acum 2000 de ani. Volumul este o colec\u021bie de 18 poeme care \u00eendeamn\u0103 cititorul la auto-reflec\u021bie \u0219i oglindire a emo\u021biilor celor mai diverse prin poezie cu versuri albe.<\/em><\/p>\n<\/div><div class=\"fusion-clearfix\"><\/div><\/div><\/div><div class=\"fusion-layout-column fusion_builder_column fusion-builder-column-21 fusion_builder_column_1_2 1_2 fusion-one-half fusion-column-last\" style=\"--awb-padding-top:2%;--awb-padding-right:3%;--awb-padding-bottom:2%;--awb-padding-left:3%;--awb-overflow:hidden;--awb-bg-color:#ffffff;--awb-bg-color-hover:#ffffff;--awb-bg-size:cover;--awb-border-color:#ededed;--awb-border-top:1px;--awb-border-right:1px;--awb-border-bottom:1px;--awb-border-left:1px;--awb-border-style:solid;--awb-border-radius:5px 5px 5px 5px;width:50%;width:calc(50% - ( ( 2% ) * 0.5 ) );\"><div class=\"fusion-column-wrapper fusion-column-has-shadow fusion-flex-column-wrapper-legacy\"><div class=\"fusion-text fusion-text-27\"><h3><img decoding=\"async\" class=\"lazyload size-full wp-image-662 alignnone\" src=\"data:image\/svg+xml,%3Csvg%20xmlns%3D%27http%3A%2F%2Fwww.w3.org%2F2000%2Fsvg%27%20width%3D%2718%27%20height%3D%2718%27%20viewBox%3D%270%200%2018%2018%27%3E%3Crect%20width%3D%2718%27%20height%3D%2718%27%20fill-opacity%3D%220%22%2F%3E%3C%2Fsvg%3E\" data-orig-src=\"https:\/\/debasm.ro\/littlelit\/wp-content\/uploads\/2019\/09\/Ellipse-1-1.png\" alt=\"\" width=\"18\" height=\"18\" \/> <b>\u201eAventuri la Polul Nord\u201d, atelier de dramatizare<\/b><br \/><b>sus\u021binut de Andreea Iatagan<\/b><\/h3>\n<p><strong>Colegiul Na\u021bional Pedagogic \u201e\u0218tefan Velovan\u201d Craiova, clasele primare, ora 10.30. \u00cen parteneriat cu funda\u021bia World Vision Rom\u00e2nia.<\/strong><\/p>\n<p><em>Pornind de la povestea \u201eMiko, vulpi\u021ba friguroas\u0103\u201d \u2014 o mic\u0103 vulpe polar\u0103 n\u0103scut\u0103 \u00een cea mai geroas\u0103 noapte a anului \u2014 copiii p\u0103trund \u00een lumea ghe\u021burilor \u0219i descoper\u0103 vie\u021buitoarele care supravie\u021buiesc \u00een condi\u021bii extreme. Prin jocuri de rol, devin ei \u00een\u0219i\u0219i personaje \u0219i caut\u0103 solu\u021bii ingenioase pentru a o ajuta pe Miko s\u0103 \u00ee\u0219i \u00eendeplineasc\u0103 dorin\u021ba de a nu mai sim\u021bi frigul \u0219i v\u00e2ntul aspru.<\/em><\/p>\n<p><em>Atelierul \u00eembin\u0103 lectura cu arta vizual\u0103 \u0219i teatrul: fiecare copil creeaz\u0103 o masc\u0103 inspirat\u0103 de un animal polar \u0219i intr\u0103 \u00een rol, prezent\u00e2nd modul \u00een care acesta se adapteaz\u0103 mediului. Activitatea se \u00eencheie cu o reflec\u021bie asupra propriilor puncte forte \u0219i talente.<\/em><\/p>\n<p><em>Atelier inspirat de cartea \u201eMiko, vulpi\u021ba friguroas\u0103\u201d (Editura Trei)<\/em><\/p>\n<\/div><div class=\"fusion-clearfix\"><\/div><\/div><\/div><div class=\"fusion-layout-column fusion_builder_column fusion-builder-column-22 fusion_builder_column_1_2 1_2 fusion-one-half fusion-column-first\" style=\"--awb-padding-top:2%;--awb-padding-right:3%;--awb-padding-bottom:2%;--awb-padding-left:3%;--awb-overflow:hidden;--awb-bg-color:#ffffff;--awb-bg-color-hover:#ffffff;--awb-bg-size:cover;--awb-border-color:#ededed;--awb-border-top:1px;--awb-border-right:1px;--awb-border-bottom:1px;--awb-border-left:1px;--awb-border-style:solid;--awb-border-radius:5px 5px 5px 5px;width:50%;width:calc(50% - ( ( 2% ) * 0.5 ) );margin-right: 2%;\"><div class=\"fusion-column-wrapper fusion-column-has-shadow fusion-flex-column-wrapper-legacy\"><div class=\"fusion-text fusion-text-28\"><h3><img decoding=\"async\" class=\"lazyload size-full wp-image-662 alignnone\" src=\"data:image\/svg+xml,%3Csvg%20xmlns%3D%27http%3A%2F%2Fwww.w3.org%2F2000%2Fsvg%27%20width%3D%2718%27%20height%3D%2718%27%20viewBox%3D%270%200%2018%2018%27%3E%3Crect%20width%3D%2718%27%20height%3D%2718%27%20fill-opacity%3D%220%22%2F%3E%3C%2Fsvg%3E\" data-orig-src=\"https:\/\/debasm.ro\/littlelit\/wp-content\/uploads\/2019\/09\/Ellipse-1-1.png\" alt=\"\" width=\"18\" height=\"18\" \/> <b>\u201e\u00cen \u021aara Cuvintelor Anapoda\u201d, atelier de dramatizare<\/b><br \/><b>sus\u021binut de Adina Rosetti<\/b><\/h3>\n<p><strong>Colegiul Na\u021bional \u201eElena Cuza\u201d Ia\u0219i, clasa a IV-a, ora 09.30<\/strong><\/p>\n<p><em>O incursiune ludic\u0103 \u00een universul limbajului, inspirat\u0103 de povestea lui Anton, un copil care ajunge \u00eentr-o lume \u00een care expresiile sunt luate ad litteram, iar cuvintele dau na\u0219tere unor situa\u021bii absurde \u0219i nea\u0219teptate. Prin improviza\u021bie, joc de rol \u0219i scris creativ, copiii reconstruiesc aceast\u0103 lume \u00een propriile scene, pun\u00e2nd \u00een valoare imagina\u021bia, expresivitatea \u0219i lucrul \u00een echip\u0103.<\/em><\/p>\n<p><em>Atelierul se \u00eencheie cu realizarea unor scurte momente filmate, care le ofer\u0103 ocazia de a-\u0219i vedea crea\u021biile \u0219i de-a reflecta asupra modului \u00een care cuvintele pot influen\u021ba realitatea \u0219i rela\u021biile.<\/em><\/p>\n<p><em>Pe baza c\u0103r\u021bii \u201eAiurea-n tramvai\u201d, Ed. Arthur<\/em><\/p>\n<\/div><div class=\"fusion-clearfix\"><\/div><\/div><\/div><\/div><\/div><\/div><div id=\"28apr\" class=\"fusion-container-anchor\"><div class=\"fusion-fullwidth fullwidth-box fusion-builder-row-7 nonhundred-percent-fullwidth non-hundred-percent-height-scrolling\" style=\"--awb-border-radius-top-left:0px;--awb-border-radius-top-right:0px;--awb-border-radius-bottom-right:0px;--awb-border-radius-bottom-left:0px;--awb-padding-top:1%;--awb-background-color:#f8f8f8;--awb-flex-wrap:wrap;\" ><div class=\"fusion-builder-row fusion-row\"><div class=\"fusion-layout-column fusion_builder_column fusion-builder-column-23 fusion_builder_column_1_1 1_1 fusion-one-full fusion-column-first fusion-column-last\" style=\"--awb-bg-size:cover;\"><div class=\"fusion-column-wrapper fusion-column-has-shadow fusion-flex-column-wrapper-legacy\"><div class=\"fusion-text fusion-text-29\"><div style=\"text-align:center;margin:20px auto;max-width:400px;\">\n<div style=\"background:linear-gradient(180deg, #4FC3F7 0%, #29B6F6 40%, #0288D1 40%, #01579B 100%);border-radius:12px;overflow:hidden;box-shadow:0 4px 12px rgba(0,0,0,0.15);position:relative;\">\n<div style=\"position:relative;height:30px;\">\n<div style=\"position:absolute;left:30%;top:-5px;width:20px;height:30px;background:#fff;border-radius:4px;border:2px solid #ccc;\"><\/div>\n<div style=\"position:absolute;right:30%;top:-5px;width:20px;height:30px;background:#fff;border-radius:4px;border:2px solid #ccc;\"><\/div>\n<\/div>\n<div style=\"background:#37474F;margin:0 0;padding:30px 20px;text-align:center;\">\n<div style=\"color:#fff;font-size:42px;font-weight:700;letter-spacing:2px;\">28 APR<\/div>\n<div style=\"color:#90A4AE;font-size:56px;font-weight:300;margin-top:5px;\">2026<\/div>\n<\/div>\n<\/div>\n<\/div>\n<\/div><div class=\"fusion-text fusion-text-30\"><p style=\"text-align:center;\">Navigheaz\u0103 la programul pentru: <a href=\"#22apr\" style=\"color:#ec1262;\">22 Apr.<\/a> | <a href=\"#23apr\" style=\"color:#ec1262;\">23 Apr.<\/a> | <a href=\"#24apr\" style=\"color:#ec1262;\">24 Apr.<\/a> | <a href=\"#26apr\" style=\"color:#ec1262;\">26 Apr.<\/a> | <a href=\"#27apr\" style=\"color:#ec1262;\">27 Apr.<\/a> | <a href=\"#28apr\" style=\"color:#ec1262;\">28 Apr.<\/a> | <a href=\"#29apr\" style=\"color:#ec1262;\">29 Apr.<\/a><\/p>\n<\/div><div class=\"fusion-clearfix\"><\/div><\/div><\/div><div class=\"fusion-layout-column fusion_builder_column fusion-builder-column-24 fusion_builder_column_1_2 1_2 fusion-one-half fusion-column-first\" style=\"--awb-padding-top:2%;--awb-padding-right:3%;--awb-padding-bottom:2%;--awb-padding-left:3%;--awb-overflow:hidden;--awb-bg-color:#ffffff;--awb-bg-color-hover:#ffffff;--awb-bg-size:cover;--awb-border-color:#ededed;--awb-border-top:1px;--awb-border-right:1px;--awb-border-bottom:1px;--awb-border-left:1px;--awb-border-style:solid;--awb-border-radius:5px 5px 5px 5px;width:50%;width:calc(50% - ( ( 2% ) * 0.5 ) );margin-right: 2%;\"><div class=\"fusion-column-wrapper fusion-column-has-shadow fusion-flex-column-wrapper-legacy\"><div class=\"fusion-text fusion-text-31\"><h3><img decoding=\"async\" class=\"lazyload size-full wp-image-662 alignnone\" src=\"data:image\/svg+xml,%3Csvg%20xmlns%3D%27http%3A%2F%2Fwww.w3.org%2F2000%2Fsvg%27%20width%3D%2718%27%20height%3D%2718%27%20viewBox%3D%270%200%2018%2018%27%3E%3Crect%20width%3D%2718%27%20height%3D%2718%27%20fill-opacity%3D%220%22%2F%3E%3C%2Fsvg%3E\" data-orig-src=\"https:\/\/debasm.ro\/littlelit\/wp-content\/uploads\/2019\/09\/Ellipse-1-1.png\" alt=\"\" width=\"18\" height=\"18\" \/> <b>Atelier poetic de filosofie dramatizat\u0103<\/b><br \/><b>sus\u021binut de Iulia Iordan<\/b><\/h3>\n<p><strong>Colegiul \u201e\u0218tefan Odobleja\u201d, Craiova, clasa a X-a, ora 13.00. \u00cen parteneriat cu funda\u021bia World Vision Rom\u00e2nia.<\/strong><\/p>\n<\/div><div class=\"fusion-clearfix\"><\/div><\/div><\/div><div class=\"fusion-layout-column fusion_builder_column fusion-builder-column-25 fusion_builder_column_1_2 1_2 fusion-one-half fusion-column-last\" style=\"--awb-padding-top:2%;--awb-padding-right:3%;--awb-padding-bottom:2%;--awb-padding-left:3%;--awb-overflow:hidden;--awb-bg-color:#ffffff;--awb-bg-color-hover:#ffffff;--awb-bg-size:cover;--awb-border-color:#ededed;--awb-border-top:1px;--awb-border-right:1px;--awb-border-bottom:1px;--awb-border-left:1px;--awb-border-style:solid;--awb-border-radius:5px 5px 5px 5px;width:50%;width:calc(50% - ( ( 2% ) * 0.5 ) );\"><div class=\"fusion-column-wrapper fusion-column-has-shadow fusion-flex-column-wrapper-legacy\"><div class=\"fusion-text fusion-text-32\"><h3><img decoding=\"async\" class=\"lazyload size-full wp-image-662 alignnone\" src=\"data:image\/svg+xml,%3Csvg%20xmlns%3D%27http%3A%2F%2Fwww.w3.org%2F2000%2Fsvg%27%20width%3D%2718%27%20height%3D%2718%27%20viewBox%3D%270%200%2018%2018%27%3E%3Crect%20width%3D%2718%27%20height%3D%2718%27%20fill-opacity%3D%220%22%2F%3E%3C%2Fsvg%3E\" data-orig-src=\"https:\/\/debasm.ro\/littlelit\/wp-content\/uploads\/2019\/09\/Ellipse-1-1.png\" alt=\"\" width=\"18\" height=\"18\" \/> <b>\u201eAventuri la Polul Nord\u201d, atelier de dramatizare<\/b><br \/><b>sus\u021binut de Andreea Iatagan<\/b><\/h3>\n<p><strong>Colegiul Na\u021bional Pedagogic \u201e\u0218tefan Velovan\u201d Craiova, clasele primare, ora 10.00. \u00cen parteneriat cu funda\u021bia World Vision Rom\u00e2nia.<\/strong><\/p>\n<\/div><div class=\"fusion-clearfix\"><\/div><\/div><\/div><div class=\"fusion-layout-column fusion_builder_column fusion-builder-column-26 fusion_builder_column_1_2 1_2 fusion-one-half fusion-column-first\" style=\"--awb-padding-top:2%;--awb-padding-right:3%;--awb-padding-bottom:2%;--awb-padding-left:3%;--awb-overflow:hidden;--awb-bg-color:#ffffff;--awb-bg-color-hover:#ffffff;--awb-bg-size:cover;--awb-border-color:#ededed;--awb-border-top:1px;--awb-border-right:1px;--awb-border-bottom:1px;--awb-border-left:1px;--awb-border-style:solid;--awb-border-radius:5px 5px 5px 5px;width:50%;width:calc(50% - ( ( 2% ) * 0.5 ) );margin-right: 2%;\"><div class=\"fusion-column-wrapper fusion-column-has-shadow fusion-flex-column-wrapper-legacy\"><div class=\"fusion-text fusion-text-33\"><h3><img decoding=\"async\" class=\"lazyload size-full wp-image-662 alignnone\" src=\"data:image\/svg+xml,%3Csvg%20xmlns%3D%27http%3A%2F%2Fwww.w3.org%2F2000%2Fsvg%27%20width%3D%2718%27%20height%3D%2718%27%20viewBox%3D%270%200%2018%2018%27%3E%3Crect%20width%3D%2718%27%20height%3D%2718%27%20fill-opacity%3D%220%22%2F%3E%3C%2Fsvg%3E\" data-orig-src=\"https:\/\/debasm.ro\/littlelit\/wp-content\/uploads\/2019\/09\/Ellipse-1-1.png\" alt=\"\" width=\"18\" height=\"18\" \/> <b>\u201e\u00cen \u021aara Cuvintelor Anapoda\u201d, atelier de dramatizare<\/b><br \/><b>sus\u021binut de Adina Rosetti<\/b><\/h3>\n<p><strong>Colegiul Na\u021bional \u201eElena Cuza\u201d Ia\u0219i, clasa a IV-a, ora 09.30<\/strong><\/p>\n<\/div><div class=\"fusion-clearfix\"><\/div><\/div><\/div><\/div><\/div><\/div><div id=\"29apr\" class=\"fusion-container-anchor\"><div class=\"fusion-fullwidth fullwidth-box fusion-builder-row-8 nonhundred-percent-fullwidth non-hundred-percent-height-scrolling\" style=\"--awb-border-radius-top-left:0px;--awb-border-radius-top-right:0px;--awb-border-radius-bottom-right:0px;--awb-border-radius-bottom-left:0px;--awb-padding-top:1%;--awb-background-color:#f8f8f8;--awb-flex-wrap:wrap;\" ><div class=\"fusion-builder-row fusion-row\"><div class=\"fusion-layout-column fusion_builder_column fusion-builder-column-27 fusion_builder_column_1_1 1_1 fusion-one-full fusion-column-first fusion-column-last\" style=\"--awb-bg-size:cover;\"><div class=\"fusion-column-wrapper fusion-column-has-shadow fusion-flex-column-wrapper-legacy\"><div class=\"fusion-text fusion-text-34\"><div style=\"text-align:center;margin:20px auto;max-width:400px;\">\n<div style=\"background:linear-gradient(180deg, #4FC3F7 0%, #29B6F6 40%, #0288D1 40%, #01579B 100%);border-radius:12px;overflow:hidden;box-shadow:0 4px 12px rgba(0,0,0,0.15);position:relative;\">\n<div style=\"position:relative;height:30px;\">\n<div style=\"position:absolute;left:30%;top:-5px;width:20px;height:30px;background:#fff;border-radius:4px;border:2px solid #ccc;\"><\/div>\n<div style=\"position:absolute;right:30%;top:-5px;width:20px;height:30px;background:#fff;border-radius:4px;border:2px solid #ccc;\"><\/div>\n<\/div>\n<div style=\"background:#37474F;margin:0 0;padding:30px 20px;text-align:center;\">\n<div style=\"color:#fff;font-size:42px;font-weight:700;letter-spacing:2px;\">29 APR<\/div>\n<div style=\"color:#90A4AE;font-size:56px;font-weight:300;margin-top:5px;\">2026<\/div>\n<\/div>\n<\/div>\n<\/div>\n<\/div><div class=\"fusion-text fusion-text-35\"><p style=\"text-align:center;\">Navigheaz\u0103 la programul pentru: <a href=\"#22apr\" style=\"color:#ec1262;\">22 Apr.<\/a> | <a href=\"#23apr\" style=\"color:#ec1262;\">23 Apr.<\/a> | <a href=\"#24apr\" style=\"color:#ec1262;\">24 Apr.<\/a> | <a href=\"#26apr\" style=\"color:#ec1262;\">26 Apr.<\/a> | <a href=\"#27apr\" style=\"color:#ec1262;\">27 Apr.<\/a> | <a href=\"#28apr\" style=\"color:#ec1262;\">28 Apr.<\/a> | <a href=\"#29apr\" style=\"color:#ec1262;\">29 Apr.<\/a><\/p>\n<\/div><div class=\"fusion-clearfix\"><\/div><\/div><\/div><div class=\"fusion-layout-column fusion_builder_column fusion-builder-column-28 fusion_builder_column_1_2 1_2 fusion-one-half fusion-column-first\" style=\"--awb-padding-top:2%;--awb-padding-right:3%;--awb-padding-bottom:2%;--awb-padding-left:3%;--awb-overflow:hidden;--awb-bg-color:#ffffff;--awb-bg-color-hover:#ffffff;--awb-bg-size:cover;--awb-border-color:#ededed;--awb-border-top:1px;--awb-border-right:1px;--awb-border-bottom:1px;--awb-border-left:1px;--awb-border-style:solid;--awb-border-radius:5px 5px 5px 5px;width:50%;width:calc(50% - ( ( 2% ) * 0.5 ) );margin-right: 2%;\"><div class=\"fusion-column-wrapper fusion-column-has-shadow fusion-flex-column-wrapper-legacy\"><div class=\"fusion-text fusion-text-36\"><h3><img decoding=\"async\" class=\"lazyload size-full wp-image-662 alignnone\" src=\"data:image\/svg+xml,%3Csvg%20xmlns%3D%27http%3A%2F%2Fwww.w3.org%2F2000%2Fsvg%27%20width%3D%2718%27%20height%3D%2718%27%20viewBox%3D%270%200%2018%2018%27%3E%3Crect%20width%3D%2718%27%20height%3D%2718%27%20fill-opacity%3D%220%22%2F%3E%3C%2Fsvg%3E\" data-orig-src=\"https:\/\/debasm.ro\/littlelit\/wp-content\/uploads\/2019\/09\/Ellipse-1-1.png\" alt=\"\" width=\"18\" height=\"18\" \/> <b>Atelier poetic de filosofie dramatizat\u0103<\/b><br \/><b>sus\u021binut de Iulia Iordan<\/b><\/h3>\n<p><strong>Colegiul \u201e\u0218tefan Odobleja\u201d, Craiova, clasa a X-a, ora 13.00. \u00cen parteneriat cu funda\u021bia World Vision Rom\u00e2nia.<\/strong><\/p>\n<\/div><div class=\"fusion-clearfix\"><\/div><\/div><\/div><div class=\"fusion-layout-column fusion_builder_column fusion-builder-column-29 fusion_builder_column_1_2 1_2 fusion-one-half fusion-column-last\" style=\"--awb-padding-top:2%;--awb-padding-right:3%;--awb-padding-bottom:2%;--awb-padding-left:3%;--awb-overflow:hidden;--awb-bg-color:#ffffff;--awb-bg-color-hover:#ffffff;--awb-bg-size:cover;--awb-border-color:#ededed;--awb-border-top:1px;--awb-border-right:1px;--awb-border-bottom:1px;--awb-border-left:1px;--awb-border-style:solid;--awb-border-radius:5px 5px 5px 5px;width:50%;width:calc(50% - ( ( 2% ) * 0.5 ) );\"><div class=\"fusion-column-wrapper fusion-column-has-shadow fusion-flex-column-wrapper-legacy\"><div class=\"fusion-text fusion-text-37\"><h3><img decoding=\"async\" class=\"lazyload size-full wp-image-662 alignnone\" src=\"data:image\/svg+xml,%3Csvg%20xmlns%3D%27http%3A%2F%2Fwww.w3.org%2F2000%2Fsvg%27%20width%3D%2718%27%20height%3D%2718%27%20viewBox%3D%270%200%2018%2018%27%3E%3Crect%20width%3D%2718%27%20height%3D%2718%27%20fill-opacity%3D%220%22%2F%3E%3C%2Fsvg%3E\" data-orig-src=\"https:\/\/debasm.ro\/littlelit\/wp-content\/uploads\/2019\/09\/Ellipse-1-1.png\" alt=\"\" width=\"18\" height=\"18\" \/> <b>\u201eAventuri la Polul Nord\u201d, atelier de dramatizare<\/b><br \/><b>sus\u021binut de Andreea Iatagan<\/b><\/h3>\n<p><strong>Colegiul Na\u021bional Pedagogic \u201e\u0218tefan Velovan\u201d Craiova, clasele primare, ora 10.30. \u00cen parteneriat cu funda\u021bia World Vision Rom\u00e2nia.<\/strong><\/p>\n<\/div><div class=\"fusion-clearfix\"><\/div><\/div><\/div><div class=\"fusion-layout-column fusion_builder_column fusion-builder-column-30 fusion_builder_column_1_2 1_2 fusion-one-half fusion-column-first\" style=\"--awb-padding-top:2%;--awb-padding-right:3%;--awb-padding-bottom:2%;--awb-padding-left:3%;--awb-overflow:hidden;--awb-bg-color:#ffffff;--awb-bg-color-hover:#ffffff;--awb-bg-size:cover;--awb-border-color:#ededed;--awb-border-top:1px;--awb-border-right:1px;--awb-border-bottom:1px;--awb-border-left:1px;--awb-border-style:solid;--awb-border-radius:5px 5px 5px 5px;width:50%;width:calc(50% - ( ( 2% ) * 0.5 ) );margin-right: 2%;\"><div class=\"fusion-column-wrapper fusion-column-has-shadow fusion-flex-column-wrapper-legacy\"><div class=\"fusion-text fusion-text-38\"><h3><img decoding=\"async\" class=\"lazyload size-full wp-image-662 alignnone\" src=\"data:image\/svg+xml,%3Csvg%20xmlns%3D%27http%3A%2F%2Fwww.w3.org%2F2000%2Fsvg%27%20width%3D%2718%27%20height%3D%2718%27%20viewBox%3D%270%200%2018%2018%27%3E%3Crect%20width%3D%2718%27%20height%3D%2718%27%20fill-opacity%3D%220%22%2F%3E%3C%2Fsvg%3E\" data-orig-src=\"https:\/\/debasm.ro\/littlelit\/wp-content\/uploads\/2019\/09\/Ellipse-1-1.png\" alt=\"\" width=\"18\" height=\"18\" \/> <b>\u201e\u00cen \u021aara Cuvintelor Anapoda\u201d, atelier de dramatizare<\/b><br \/><b>sus\u021binut de Adina Rosetti<\/b><\/h3>\n<p><strong>Colegiul Na\u021bional \u201eElena Cuza\u201d Ia\u0219i, clasa a IV-a, ora 09.30<\/strong><\/p>\n<\/div><div class=\"fusion-clearfix\"><\/div><\/div><\/div><\/div><\/div><\/div><\/p>\n","protected":false},"excerpt":{"rendered":"","protected":false},"author":1,"featured_media":726,"parent":0,"menu_order":0,"comment_status":"closed","ping_status":"closed","template":"100-width.php","meta":{"footnotes":""},"_links":{"self":[{"href":"https:\/\/debasm.ro\/littlelit\/wp-json\/wp\/v2\/pages\/317"}],"collection":[{"href":"https:\/\/debasm.ro\/littlelit\/wp-json\/wp\/v2\/pages"}],"about":[{"href":"https:\/\/debasm.ro\/littlelit\/wp-json\/wp\/v2\/types\/page"}],"author":[{"embeddable":true,"href":"https:\/\/debasm.ro\/littlelit\/wp-json\/wp\/v2\/users\/1"}],"replies":[{"embeddable":true,"href":"https:\/\/debasm.ro\/littlelit\/wp-json\/wp\/v2\/comments?post=317"}],"version-history":[{"count":28,"href":"https:\/\/debasm.ro\/littlelit\/wp-json\/wp\/v2\/pages\/317\/revisions"}],"predecessor-version":[{"id":1306,"href":"https:\/\/debasm.ro\/littlelit\/wp-json\/wp\/v2\/pages\/317\/revisions\/1306"}],"wp:featuredmedia":[{"embeddable":true,"href":"https:\/\/debasm.ro\/littlelit\/wp-json\/wp\/v2\/media\/726"}],"wp:attachment":[{"href":"https:\/\/debasm.ro\/littlelit\/wp-json\/wp\/v2\/media?parent=317"}],"curies":[{"name":"wp","href":"https:\/\/api.w.org\/{rel}","templated":true}]}}